{"id":6714,"date":"2016-10-05T23:38:35","date_gmt":"2016-10-05T23:38:35","guid":{"rendered":"http:\/\/www.expertosnegociosonline.com\/?page_id=6714"},"modified":"2020-11-28T00:41:13","modified_gmt":"2020-11-28T00:41:13","slug":"registrate-y-recibe-el-calendario-ecommerce","status":"publish","type":"page","link":"https:\/\/expertosnegociosonline.com\/blog\/registrate-y-recibe-el-calendario-ecommerce\/","title":{"rendered":"Reg\u00edstrate y recibe el calendario Ecommerce"},"content":{"rendered":"<div class=\"center_div\">\n<p><!--\n\n\n<h1>Descarga del Calendario Marketing 2021<\/h1>\n\n\n--><br \/>\n<!--\n\n\n<p class=\"subtitulo_parrafo_page\">Desc\u00e1rgate nuestro Calendario Marketing del 2021 con las fechas m\u00e1s importantes del a\u00f1o.<\/p>\n\n\n\n--><\/p>\n<div id=\"centrar_guia\">\n<div class=\"top_side horizontal\"><img decoding=\"async\" class=\"aligncenter\" src=\"https:\/\/expertosnegociosonline.com\/blog\/wp-content\/uploads\/2020\/11\/Calendario-Comercial-2021-Marketing-eCommerce.jpg\" alt=\"calendario Ecommerce\"><\/div>\n<div class=\"left_side\">\n<h3 class=\"cebo\">Incluye fechas importantes del a\u00f1o 2021.<\/h3>\n\n<div class=\"wpcf7 no-js\" id=\"wpcf7-f11759-o1\" lang=\"es-ES\" dir=\"ltr\" data-wpcf7-id=\"11759\">\n<div class=\"screen-reader-response\"><p role=\"status\" aria-live=\"polite\" aria-atomic=\"true\"><\/p> <ul><\/ul><\/div>\n<form action=\"\/blog\/wp-json\/wp\/v2\/pages\/6714#wpcf7-f11759-o1\" method=\"post\" class=\"wpcf7-form init\" aria-label=\"Formulario de contacto\" novalidate=\"novalidate\" data-status=\"init\">\n<div style=\"display: none;\">\n<input type=\"hidden\" name=\"_wpcf7\" value=\"11759\" \/>\n<input type=\"hidden\" name=\"_wpcf7_version\" value=\"6.0.1\" \/>\n<input type=\"hidden\" name=\"_wpcf7_locale\" value=\"es_ES\" \/>\n<input type=\"hidden\" name=\"_wpcf7_unit_tag\" value=\"wpcf7-f11759-o1\" \/>\n<input type=\"hidden\" name=\"_wpcf7_container_post\" value=\"0\" \/>\n<input type=\"hidden\" name=\"_wpcf7_posted_data_hash\" value=\"\" \/>\n<\/div>\n<div class=\"widget-layout\">\n\t<div class=\"form\">\n\t\t<div class=\"widget-layout-body\">\n\t\t\t<div class=\"layout-control-group\">\n\t\t\t\t<p><label class=\"label_control layout-control-label\">Pa\u00eds al que te diriges: <span class=\"error\">*<\/span><\/label>\n\t\t\t\t<\/p>\n\t\t\t\t<div class=\"layout-controls layout_according_label_position\">\n\t\t\t\t\t<p><span class=\"wpcf7-form-control-wrap\" data-name=\"your-pais\"><input size=\"40\" maxlength=\"400\" class=\"wpcf7-form-control wpcf7-text wpcf7-validates-as-required\" aria-required=\"true\" aria-invalid=\"false\" value=\"\" type=\"text\" name=\"your-pais\" \/><\/span>\n\t\t\t\t\t<\/p>\n\t\t\t\t<\/div>\n\t\t\t\t<p><label class=\"label_control layout-control-label\">Email: <span class=\"error\">*<\/span><\/label>\n\t\t\t\t<\/p>\n\t\t\t\t<div class=\"layout-controls layout_according_label_position\">\n\t\t\t\t\t<p><span class=\"wpcf7-form-control-wrap\" data-name=\"your-email\"><input size=\"40\" maxlength=\"400\" class=\"wpcf7-form-control wpcf7-email wpcf7-validates-as-required wpcf7-text wpcf7-validates-as-email\" aria-required=\"true\" aria-invalid=\"false\" value=\"\" type=\"email\" name=\"your-email\" \/><\/span>\n\t\t\t\t\t<\/p>\n\t\t\t\t<\/div>\n\t\t\t<\/div>\n\t\t<\/div>\n\t<\/div>\n\t<div class=\"col_field\">\n\t\t<p><span class=\"form_choice_text acceptrequired\" for=\"field_10_0\"><span class=\"wpcf7-form-control-wrap\" data-name=\"acceptance-634\"><span class=\"wpcf7-form-control wpcf7-acceptance\"><span class=\"wpcf7-list-item\"><label><input type=\"checkbox\" name=\"acceptance-634\" value=\"1\" aria-invalid=\"false\" \/><span class=\"wpcf7-list-item-label\">Aceptaci\u00f3n para recibir informaci\u00f3n<\/span><\/label><\/span><\/span><\/span><label> Acepto <a href=\"https:\/\/expertosnegociosonline.com\/blog\/aviso-legal\" target=\"_blank\" rel=\"nofollow\">recibir informaci\u00f3n<\/a> y la <a href=\"https:\/\/expertosnegociosonline.com\/blog\/politica-de-privacidad\" target=\"_blank\" rel=\"nofollow\">Pol\u00edtica de Privacidad<\/a>.<\/label><\/span>\n\t\t<\/p>\n\t<\/div>\n<\/div>\n<p class=\"boton_contacto_ases\"><input class=\"wpcf7-form-control wpcf7-submit has-spinner\" type=\"submit\" value=\"Enviar gu\u00eda a mi correo\" \/>\n<\/p><p style=\"display: none !important;\" class=\"akismet-fields-container\" data-prefix=\"_wpcf7_ak_\"><label>&#916;<textarea name=\"_wpcf7_ak_hp_textarea\" cols=\"45\" rows=\"8\" maxlength=\"100\"><\/textarea><\/label><input type=\"hidden\" id=\"ak_js_1\" name=\"_wpcf7_ak_js\" value=\"51\"\/><script>document.getElementById( \"ak_js_1\" ).setAttribute( \"value\", ( new Date() ).getTime() );<\/script><\/p><div class=\"wpcf7-response-output\" aria-hidden=\"true\"><\/div>\n<\/form>\n<\/div>\n\n<\/div>\n<\/div>\n<\/div>\n<p><!--[contact-form-7 id=\"6721\" title=\"Correo descarga Calendario Ecommerce\"]--><\/p>\n","protected":false},"excerpt":{"rendered":"<p>Incluye fechas importantes del a\u00f1o 2021.<\/p>\n","protected":false},"author":4,"featured_media":14990,"parent":0,"menu_order":0,"comment_status":"closed","ping_status":"closed","template":"","meta":{"footnotes":""},"class_list":["post-6714","page","type-page","status-publish","has-post-thumbnail","hentry"],"yoast_head":"<!-- This site is optimized with the Yoast SEO plugin v23.9 - https:\/\/yoast.com\/wordpress\/plugins\/seo\/ -->\n<title>Calendario Comercial 2021 (eCommerce &amp; Marketing)<\/title>\n<meta name=\"description\" content=\"Desc\u00e1rgate el calendario comercial 2021 que incluye las fechas importantes del a\u00f1o para eCommerce &amp; Marketing Digital.\" \/>\n<meta name=\"robots\" content=\"index, follow, max-snippet:-1, max-image-preview:large, max-video-preview:-1\" \/>\n<link rel=\"canonical\" href=\"https:\/\/expertosnegociosonline.com\/blog\/registrate-y-recibe-el-calendario-ecommerce\/\" \/>\n<meta property=\"og:locale\" content=\"es_MX\" \/>\n<meta property=\"og:type\" content=\"article\" \/>\n<meta property=\"og:title\" content=\"Calendario Comercial 2021 (eCommerce &amp; Marketing)\" \/>\n<meta property=\"og:description\" content=\"Desc\u00e1rgate el calendario comercial 2021 que incluye las fechas importantes del a\u00f1o para eCommerce &amp; Marketing Digital.\" \/>\n<meta property=\"og:url\" content=\"https:\/\/expertosnegociosonline.com\/blog\/registrate-y-recibe-el-calendario-ecommerce\/\" \/>\n<meta property=\"article:modified_time\" content=\"2020-11-28T00:41:13+00:00\" \/>\n<meta property=\"og:image\" content=\"https:\/\/expertosnegociosonline.com\/blog\/wp-content\/uploads\/2019\/10\/Calendario-Comercial-2020-Marketing-eCommerce.jpg\" \/>\n\t<meta property=\"og:image:width\" content=\"600\" \/>\n\t<meta property=\"og:image:height\" content=\"800\" \/>\n\t<meta property=\"og:image:type\" content=\"image\/jpeg\" \/>\n<script type=\"application\/ld+json\" class=\"yoast-schema-graph\">{\"@context\":\"https:\/\/schema.org\",\"@graph\":[{\"@type\":\"WebPage\",\"@id\":\"https:\/\/expertosnegociosonline.com\/blog\/registrate-y-recibe-el-calendario-ecommerce\/\",\"url\":\"https:\/\/expertosnegociosonline.com\/blog\/registrate-y-recibe-el-calendario-ecommerce\/\",\"name\":\"Calendario Comercial 2021 (eCommerce & Marketing)\",\"isPartOf\":{\"@id\":\"https:\/\/expertosnegociosonline.com\/blog\/#website\"},\"primaryImageOfPage\":{\"@id\":\"https:\/\/expertosnegociosonline.com\/blog\/registrate-y-recibe-el-calendario-ecommerce\/#primaryimage\"},\"image\":{\"@id\":\"https:\/\/expertosnegociosonline.com\/blog\/registrate-y-recibe-el-calendario-ecommerce\/#primaryimage\"},\"thumbnailUrl\":\"https:\/\/expertosnegociosonline.com\/blog\/wp-content\/uploads\/2019\/10\/Calendario-Comercial-2020-Marketing-eCommerce.jpg\",\"datePublished\":\"2016-10-05T23:38:35+00:00\",\"dateModified\":\"2020-11-28T00:41:13+00:00\",\"description\":\"Desc\u00e1rgate el calendario comercial 2021 que incluye las fechas importantes del a\u00f1o para eCommerce & Marketing Digital.\",\"breadcrumb\":{\"@id\":\"https:\/\/expertosnegociosonline.com\/blog\/registrate-y-recibe-el-calendario-ecommerce\/#breadcrumb\"},\"inLanguage\":\"es\",\"potentialAction\":[{\"@type\":\"ReadAction\",\"target\":[\"https:\/\/expertosnegociosonline.com\/blog\/registrate-y-recibe-el-calendario-ecommerce\/\"]}]},{\"@type\":\"ImageObject\",\"inLanguage\":\"es\",\"@id\":\"https:\/\/expertosnegociosonline.com\/blog\/registrate-y-recibe-el-calendario-ecommerce\/#primaryimage\",\"url\":\"https:\/\/expertosnegociosonline.com\/blog\/wp-content\/uploads\/2019\/10\/Calendario-Comercial-2020-Marketing-eCommerce.jpg\",\"contentUrl\":\"https:\/\/expertosnegociosonline.com\/blog\/wp-content\/uploads\/2019\/10\/Calendario-Comercial-2020-Marketing-eCommerce.jpg\",\"width\":600,\"height\":800},{\"@type\":\"BreadcrumbList\",\"@id\":\"https:\/\/expertosnegociosonline.com\/blog\/registrate-y-recibe-el-calendario-ecommerce\/#breadcrumb\",\"itemListElement\":[{\"@type\":\"ListItem\",\"position\":1,\"name\":\"Home\",\"item\":\"https:\/\/expertosnegociosonline.com\/blog\/\"},{\"@type\":\"ListItem\",\"position\":2,\"name\":\"Reg\u00edstrate y recibe el calendario Ecommerce\"}]},{\"@type\":\"WebSite\",\"@id\":\"https:\/\/expertosnegociosonline.com\/blog\/#website\",\"url\":\"https:\/\/expertosnegociosonline.com\/blog\/\",\"name\":\"\",\"description\":\"\",\"potentialAction\":[{\"@type\":\"SearchAction\",\"target\":{\"@type\":\"EntryPoint\",\"urlTemplate\":\"https:\/\/expertosnegociosonline.com\/blog\/?s={search_term_string}\"},\"query-input\":{\"@type\":\"PropertyValueSpecification\",\"valueRequired\":true,\"valueName\":\"search_term_string\"}}],\"inLanguage\":\"es\"}]}<\/script>\n<!-- \/ Yoast SEO plugin. -->","yoast_head_json":{"title":"Calendario Comercial 2021 (eCommerce & Marketing)","description":"Desc\u00e1rgate el calendario comercial 2021 que incluye las fechas importantes del a\u00f1o para eCommerce & Marketing Digital.","robots":{"index":"index","follow":"follow","max-snippet":"max-snippet:-1","max-image-preview":"max-image-preview:large","max-video-preview":"max-video-preview:-1"},"canonical":"https:\/\/expertosnegociosonline.com\/blog\/registrate-y-recibe-el-calendario-ecommerce\/","og_locale":"es_MX","og_type":"article","og_title":"Calendario Comercial 2021 (eCommerce & Marketing)","og_description":"Desc\u00e1rgate el calendario comercial 2021 que incluye las fechas importantes del a\u00f1o para eCommerce & Marketing Digital.","og_url":"https:\/\/expertosnegociosonline.com\/blog\/registrate-y-recibe-el-calendario-ecommerce\/","article_modified_time":"2020-11-28T00:41:13+00:00","og_image":[{"width":600,"height":800,"url":"https:\/\/expertosnegociosonline.com\/blog\/wp-content\/uploads\/2019\/10\/Calendario-Comercial-2020-Marketing-eCommerce.jpg","type":"image\/jpeg"}],"schema":{"@context":"https:\/\/schema.org","@graph":[{"@type":"WebPage","@id":"https:\/\/expertosnegociosonline.com\/blog\/registrate-y-recibe-el-calendario-ecommerce\/","url":"https:\/\/expertosnegociosonline.com\/blog\/registrate-y-recibe-el-calendario-ecommerce\/","name":"Calendario Comercial 2021 (eCommerce & Marketing)","isPartOf":{"@id":"https:\/\/expertosnegociosonline.com\/blog\/#website"},"primaryImageOfPage":{"@id":"https:\/\/expertosnegociosonline.com\/blog\/registrate-y-recibe-el-calendario-ecommerce\/#primaryimage"},"image":{"@id":"https:\/\/expertosnegociosonline.com\/blog\/registrate-y-recibe-el-calendario-ecommerce\/#primaryimage"},"thumbnailUrl":"https:\/\/expertosnegociosonline.com\/blog\/wp-content\/uploads\/2019\/10\/Calendario-Comercial-2020-Marketing-eCommerce.jpg","datePublished":"2016-10-05T23:38:35+00:00","dateModified":"2020-11-28T00:41:13+00:00","description":"Desc\u00e1rgate el calendario comercial 2021 que incluye las fechas importantes del a\u00f1o para eCommerce & Marketing Digital.","breadcrumb":{"@id":"https:\/\/expertosnegociosonline.com\/blog\/registrate-y-recibe-el-calendario-ecommerce\/#breadcrumb"},"inLanguage":"es","potentialAction":[{"@type":"ReadAction","target":["https:\/\/expertosnegociosonline.com\/blog\/registrate-y-recibe-el-calendario-ecommerce\/"]}]},{"@type":"ImageObject","inLanguage":"es","@id":"https:\/\/expertosnegociosonline.com\/blog\/registrate-y-recibe-el-calendario-ecommerce\/#primaryimage","url":"https:\/\/expertosnegociosonline.com\/blog\/wp-content\/uploads\/2019\/10\/Calendario-Comercial-2020-Marketing-eCommerce.jpg","contentUrl":"https:\/\/expertosnegociosonline.com\/blog\/wp-content\/uploads\/2019\/10\/Calendario-Comercial-2020-Marketing-eCommerce.jpg","width":600,"height":800},{"@type":"BreadcrumbList","@id":"https:\/\/expertosnegociosonline.com\/blog\/registrate-y-recibe-el-calendario-ecommerce\/#breadcrumb","itemListElement":[{"@type":"ListItem","position":1,"name":"Home","item":"https:\/\/expertosnegociosonline.com\/blog\/"},{"@type":"ListItem","position":2,"name":"Reg\u00edstrate y recibe el calendario Ecommerce"}]},{"@type":"WebSite","@id":"https:\/\/expertosnegociosonline.com\/blog\/#website","url":"https:\/\/expertosnegociosonline.com\/blog\/","name":"","description":"","potentialAction":[{"@type":"SearchAction","target":{"@type":"EntryPoint","urlTemplate":"https:\/\/expertosnegociosonline.com\/blog\/?s={search_term_string}"},"query-input":{"@type":"PropertyValueSpecification","valueRequired":true,"valueName":"search_term_string"}}],"inLanguage":"es"}]}},"_links":{"self":[{"href":"https:\/\/expertosnegociosonline.com\/blog\/wp-json\/wp\/v2\/pages\/6714","targetHints":{"allow":["GET"]}}],"collection":[{"href":"https:\/\/expertosnegociosonline.com\/blog\/wp-json\/wp\/v2\/pages"}],"about":[{"href":"https:\/\/expertosnegociosonline.com\/blog\/wp-json\/wp\/v2\/types\/page"}],"author":[{"embeddable":true,"href":"https:\/\/expertosnegociosonline.com\/blog\/wp-json\/wp\/v2\/users\/4"}],"replies":[{"embeddable":true,"href":"https:\/\/expertosnegociosonline.com\/blog\/wp-json\/wp\/v2\/comments?post=6714"}],"version-history":[{"count":15,"href":"https:\/\/expertosnegociosonline.com\/blog\/wp-json\/wp\/v2\/pages\/6714\/revisions"}],"predecessor-version":[{"id":19088,"href":"https:\/\/expertosnegociosonline.com\/blog\/wp-json\/wp\/v2\/pages\/6714\/revisions\/19088"}],"wp:featuredmedia":[{"embeddable":true,"href":"https:\/\/expertosnegociosonline.com\/blog\/wp-json\/wp\/v2\/media\/14990"}],"wp:attachment":[{"href":"https:\/\/expertosnegociosonline.com\/blog\/wp-json\/wp\/v2\/media?parent=6714"}],"curies":[{"name":"wp","href":"https:\/\/api.w.org\/{rel}","templated":true}]}}